{"id":1383,"date":"2026-06-18T14:31:24","date_gmt":"2026-06-18T14:31:24","guid":{"rendered":"http:\/\/bluesinspirit.fr\/?page_id=1383"},"modified":"2026-07-01T14:33:00","modified_gmt":"2026-07-01T14:33:00","slug":"bluesinaout-off-2026","status":"publish","type":"page","link":"http:\/\/bluesinspirit.fr\/?page_id=1383","title":{"rendered":"BLUESIN'(A)OUT OFF 2026"},"content":{"rendered":"\n<p class=\"has-text-color has-link-color has-x-large-font-size wp-elements-1 wp-block-paragraph\" style=\"color:#fcfa00\">Du 27 juin au 18 ao\u00fbt, participez aux \u00e9v\u00e9nements OFF du festival 2026<\/p>\n\n\n\n<div class=\"wp-block-group has-white-background-color has-background is-nowrap is-layout-flex wp-container-core-group-is-layout-8f761849 wp-block-group-is-layout-flex\">\n<figure class=\"wp-block-image size-medium wp-container-content-432d1f4f\"><img fetchpriority=\"high\" decoding=\"async\" width=\"300\" height=\"300\" src=\"http:\/\/bluesinspirit.fr\/wp-content\/uploads\/2026\/06\/Rico-nb-300x300.jpg\" alt=\"\" class=\"wp-image-1386\" srcset=\"http:\/\/bluesinspirit.fr\/wp-content\/uploads\/2026\/06\/Rico-nb-300x300.jpg 300w, http:\/\/bluesinspirit.fr\/wp-content\/uploads\/2026\/06\/Rico-nb-1024x1022.jpg 1024w, http:\/\/bluesinspirit.fr\/wp-content\/uploads\/2026\/06\/Rico-nb-150x150.jpg 150w, http:\/\/bluesinspirit.fr\/wp-content\/uploads\/2026\/06\/Rico-nb-768x766.jpg 768w, http:\/\/bluesinspirit.fr\/wp-content\/uploads\/2026\/06\/Rico-nb-1536x1532.jpg 1536w, http:\/\/bluesinspirit.fr\/wp-content\/uploads\/2026\/06\/Rico-nb-2048x2043.jpg 2048w, http:\/\/bluesinspirit.fr\/wp-content\/uploads\/2026\/06\/Rico-nb-720x718.jpg 720w, http:\/\/bluesinspirit.fr\/wp-content\/uploads\/2026\/06\/Rico-nb-360x360.jpg 360w\" sizes=\"(max-width: 300px) 100vw, 300px\" \/><\/figure>\n\n\n\n<p class=\"wp-block-paragraph\"><strong><em>Samedi 27 juin, 19H30, Prix libre<\/em><br><em>KING PEPPER QUINTET<\/em><\/strong><br><strong><em>La Palette, Longvillers, par le Grand Bain<\/em><\/strong><br><em>Eric Liagre r\u00e9unit un solide combo orgue, basse, batterie et Harmonica pour un show autour du blues de Chicago, du Texas ou de la Nouvelle Orl\u00e9ans.<\/em><\/p>\n<\/div>\n\n\n\n<div style=\"height:100px\" aria-hidden=\"true\" class=\"wp-block-spacer\"><\/div>\n\n\n\n<div class=\"wp-block-group has-white-background-color has-background is-nowrap is-layout-flex wp-container-core-group-is-layout-8f761849 wp-block-group-is-layout-flex\">\n<figure class=\"wp-block-image size-medium\" id=\"lor2026\"><img decoding=\"async\" width=\"300\" height=\"300\" src=\"http:\/\/bluesinspirit.fr\/wp-content\/uploads\/2026\/06\/visuel-lor-300x300.jpg\" alt=\"\" class=\"wp-image-1388\" srcset=\"http:\/\/bluesinspirit.fr\/wp-content\/uploads\/2026\/06\/visuel-lor-300x300.jpg 300w, http:\/\/bluesinspirit.fr\/wp-content\/uploads\/2026\/06\/visuel-lor-150x150.jpg 150w, http:\/\/bluesinspirit.fr\/wp-content\/uploads\/2026\/06\/visuel-lor-768x768.jpg 768w, http:\/\/bluesinspirit.fr\/wp-content\/uploads\/2026\/06\/visuel-lor-720x720.jpg 720w, http:\/\/bluesinspirit.fr\/wp-content\/uploads\/2026\/06\/visuel-lor-360x360.jpg 360w, http:\/\/bluesinspirit.fr\/wp-content\/uploads\/2026\/06\/visuel-lor.jpg 800w\" sizes=\"(max-width: 300px) 100vw, 300px\" \/><\/figure>\n\n\n\n<p class=\"wp-block-paragraph\"><br><strong><em>Vendredi 10 juillet, 19H &#8211; 20h30, Prix libre<\/em><\/strong><br><strong><em>L\u2018OR, de Blaise Cendrars<\/em><\/strong><br><strong><em>Tigny Noyelle, 4 rue de la rivi\u00e8re<\/em><\/strong><br><em>Patrick Allindr\u00e9 pour&nbsp;les mots, Xavier Laune \u00e0 l\u2019harmo<\/em><br><em>Dans le salon de Musica Nigella, venez vous plonger dans la conqu\u00e8te de l&#8217;ouest, la cr\u00e9ation de la Californie, la ru\u00e9e vers l&#8217;or, tout cel\u00e0 \u00e0 travers l&#8217;histoire d&#8217;un homme, Johann August Suter.<br>Places limit\u00e9es. R\u00e9servation au 06.19.17.02.21<\/em><\/p>\n<\/div>\n\n\n\n<div style=\"height:100px\" aria-hidden=\"true\" class=\"wp-block-spacer\"><\/div>\n\n\n\n<div class=\"wp-block-group has-white-background-color has-background is-nowrap is-layout-flex wp-container-core-group-is-layout-8f761849 wp-block-group-is-layout-flex\">\n<figure class=\"wp-block-image size-medium\"><img decoding=\"async\" width=\"264\" height=\"300\" src=\"http:\/\/bluesinspirit.fr\/wp-content\/uploads\/2026\/06\/Manu-Slide-264x300.jpg\" alt=\"\" class=\"wp-image-1391\" srcset=\"http:\/\/bluesinspirit.fr\/wp-content\/uploads\/2026\/06\/Manu-Slide-264x300.jpg 264w, http:\/\/bluesinspirit.fr\/wp-content\/uploads\/2026\/06\/Manu-Slide-720x817.jpg 720w, http:\/\/bluesinspirit.fr\/wp-content\/uploads\/2026\/06\/Manu-Slide.jpg 729w\" sizes=\"(max-width: 264px) 100vw, 264px\" \/><\/figure>\n\n\n\n<p class=\"wp-block-paragraph\"><br><strong><em>Vendredi 17 juillet, 19H &#8211; 20h30, Gratuit&nbsp;<\/em><\/strong><br><strong><em>MANU SLIDE &amp; L\u2018ONYX<\/em><\/strong><br><strong><em>Montcavrel<\/em><\/strong><br><em>Rencontre cross road, d\u2019une guitare slide et harmonica plaintif pour un r\u00e9pertoire aux racines du blues des ann\u00e9es 30<\/em><\/p>\n<\/div>\n\n\n\n<div style=\"height:100px\" aria-hidden=\"true\" class=\"wp-block-spacer\"><\/div>\n\n\n\n<div class=\"wp-block-group has-white-background-color has-background is-nowrap is-layout-flex wp-container-core-group-is-layout-8f761849 wp-block-group-is-layout-flex\">\n<figure class=\"wp-block-image size-thumbnail\"><img loading=\"lazy\" decoding=\"async\" width=\"150\" height=\"150\" src=\"http:\/\/bluesinspirit.fr\/wp-content\/uploads\/2026\/06\/XAV-NB-150x150.jpg\" alt=\"\" class=\"wp-image-1393\" srcset=\"http:\/\/bluesinspirit.fr\/wp-content\/uploads\/2026\/06\/XAV-NB-150x150.jpg 150w, http:\/\/bluesinspirit.fr\/wp-content\/uploads\/2026\/06\/XAV-NB-360x360.jpg 360w\" sizes=\"(max-width: 150px) 100vw, 150px\" \/><\/figure>\n\n\n\n<p class=\"wp-block-paragraph\"><br><strong><em>Jeudi 30 juillet, 18H, Gratuit<\/em><\/strong><br><strong><em>MANU SLIDE &amp; L\u2018ONYX<\/em><\/strong><br><strong><em>Chez Paulette, Stella-Plage<\/em><\/strong>,<\/p>\n<\/div>\n\n\n\n<div style=\"height:100px\" aria-hidden=\"true\" class=\"wp-block-spacer\"><\/div>\n\n\n\n<div class=\"wp-block-group has-white-background-color has-background is-nowrap is-layout-flex wp-container-core-group-is-layout-8f761849 wp-block-group-is-layout-flex\">\n<figure class=\"wp-block-image size-medium\"><img loading=\"lazy\" decoding=\"async\" width=\"300\" height=\"300\" src=\"http:\/\/bluesinspirit.fr\/wp-content\/uploads\/2026\/06\/arnaud-fradin-nb-300x300.jpg\" alt=\"\" class=\"wp-image-1394\" srcset=\"http:\/\/bluesinspirit.fr\/wp-content\/uploads\/2026\/06\/arnaud-fradin-nb-300x300.jpg 300w, http:\/\/bluesinspirit.fr\/wp-content\/uploads\/2026\/06\/arnaud-fradin-nb-1024x1024.jpg 1024w, http:\/\/bluesinspirit.fr\/wp-content\/uploads\/2026\/06\/arnaud-fradin-nb-150x150.jpg 150w, http:\/\/bluesinspirit.fr\/wp-content\/uploads\/2026\/06\/arnaud-fradin-nb-768x769.jpg 768w, http:\/\/bluesinspirit.fr\/wp-content\/uploads\/2026\/06\/arnaud-fradin-nb-720x721.jpg 720w, http:\/\/bluesinspirit.fr\/wp-content\/uploads\/2026\/06\/arnaud-fradin-nb-360x360.jpg 360w, http:\/\/bluesinspirit.fr\/wp-content\/uploads\/2026\/06\/arnaud-fradin-nb.jpg 1478w\" sizes=\"(max-width: 300px) 100vw, 300px\" \/><\/figure>\n\n\n\n<p class=\"wp-block-paragraph\"><br><strong><em>Samedi 1 ao\u00fbt, 18H, Gratuit<\/em><\/strong><br><strong><em>ARNAUD FRADIN &amp; ROOTS COMBO<\/em><\/strong><br><strong><em>Place de la Concorde, Neuchatel-Hardelot<\/em><\/strong><br><em>De renomm\u00e9e internationale, Arnaud Fradin et son ROOTS COMBO est savoureux d\u2019\u00e9motion brute et de racines blues<\/em><\/p>\n<\/div>\n\n\n\n<div style=\"height:100px\" aria-hidden=\"true\" class=\"wp-block-spacer\"><\/div>\n\n\n\n<div class=\"wp-block-group has-white-background-color has-background is-nowrap is-layout-flex wp-container-core-group-is-layout-8f761849 wp-block-group-is-layout-flex\">\n<figure class=\"wp-block-image size-medium\"><img loading=\"lazy\" decoding=\"async\" width=\"300\" height=\"300\" src=\"http:\/\/bluesinspirit.fr\/wp-content\/uploads\/2026\/06\/skyler-nb-300x300.jpg\" alt=\"\" class=\"wp-image-1395\" srcset=\"http:\/\/bluesinspirit.fr\/wp-content\/uploads\/2026\/06\/skyler-nb-300x300.jpg 300w, http:\/\/bluesinspirit.fr\/wp-content\/uploads\/2026\/06\/skyler-nb-1021x1024.jpg 1021w, http:\/\/bluesinspirit.fr\/wp-content\/uploads\/2026\/06\/skyler-nb-150x150.jpg 150w, http:\/\/bluesinspirit.fr\/wp-content\/uploads\/2026\/06\/skyler-nb-768x770.jpg 768w, http:\/\/bluesinspirit.fr\/wp-content\/uploads\/2026\/06\/skyler-nb-720x722.jpg 720w, http:\/\/bluesinspirit.fr\/wp-content\/uploads\/2026\/06\/skyler-nb-360x360.jpg 360w, http:\/\/bluesinspirit.fr\/wp-content\/uploads\/2026\/06\/skyler-nb.jpg 1162w\" sizes=\"(max-width: 300px) 100vw, 300px\" \/><\/figure>\n\n\n\n<p class=\"wp-block-paragraph\"><br><strong><em>Jeudi 6 ao\u00fbt, 21H, Concert gratuit<\/em><\/strong><br><strong><em>SKYLER SAULFLEY (USA)<\/em><\/strong><br><strong><em>Place du March\u00e9 aux poissons, Hesdin La For\u00eat<\/em><\/strong><br><em>Jump,&nbsp; Boogie, Swing &#8230; Soir\u00e9e Exceptionnelle !!! Intronis\u00e9 au Alabama Blues Hall of Fame !&nbsp;<\/em><\/p>\n<\/div>\n\n\n\n<div style=\"height:100px\" aria-hidden=\"true\" class=\"wp-block-spacer\"><\/div>\n\n\n\n<div class=\"wp-block-group has-white-background-color has-background is-nowrap is-layout-flex wp-container-core-group-is-layout-8f761849 wp-block-group-is-layout-flex\">\n<figure class=\"wp-block-image size-full\"><img loading=\"lazy\" decoding=\"async\" width=\"552\" height=\"553\" src=\"http:\/\/bluesinspirit.fr\/wp-content\/uploads\/2026\/06\/Julien-Broissant-nb.jpg\" alt=\"\" class=\"wp-image-1397\" srcset=\"http:\/\/bluesinspirit.fr\/wp-content\/uploads\/2026\/06\/Julien-Broissant-nb.jpg 552w, http:\/\/bluesinspirit.fr\/wp-content\/uploads\/2026\/06\/Julien-Broissant-nb-300x300.jpg 300w, http:\/\/bluesinspirit.fr\/wp-content\/uploads\/2026\/06\/Julien-Broissant-nb-150x150.jpg 150w, http:\/\/bluesinspirit.fr\/wp-content\/uploads\/2026\/06\/Julien-Broissant-nb-360x360.jpg 360w\" sizes=\"(max-width: 552px) 100vw, 552px\" \/><\/figure>\n\n\n\n<p class=\"wp-block-paragraph\"><br><strong><em>Samedi 8 ao\u00fbt, 21H<\/em><\/strong><br><strong><em>NICKS &amp; STONES<\/em><\/strong><br><strong><em>Salle de la Corderie, \u00c9taples\/mer<\/em><\/strong><br><em>La complicit\u00e9 et l\u2019exp\u00e9rience internationale de ces 4&nbsp; musiciens jonglent entre tradition et modernisme, repoussant les fronti\u00e8res du Blues. \u00ab One shot \u00bb \u00e9v\u00e9nement \u00e0 ne manquer sous aucun pr\u00e9texte !<\/em><\/p>\n<\/div>\n\n\n\n<div style=\"height:100px\" aria-hidden=\"true\" class=\"wp-block-spacer\"><\/div>\n\n\n\n<div class=\"wp-block-group has-white-background-color has-background is-nowrap is-layout-flex wp-container-core-group-is-layout-8f761849 wp-block-group-is-layout-flex\">\n<figure class=\"wp-block-image size-medium\"><img loading=\"lazy\" decoding=\"async\" width=\"300\" height=\"300\" src=\"http:\/\/bluesinspirit.fr\/wp-content\/uploads\/2026\/06\/rattlesnake-nb-300x300.jpg\" alt=\"\" class=\"wp-image-1398\" srcset=\"http:\/\/bluesinspirit.fr\/wp-content\/uploads\/2026\/06\/rattlesnake-nb-300x300.jpg 300w, http:\/\/bluesinspirit.fr\/wp-content\/uploads\/2026\/06\/rattlesnake-nb-150x150.jpg 150w, http:\/\/bluesinspirit.fr\/wp-content\/uploads\/2026\/06\/rattlesnake-nb-360x360.jpg 360w, http:\/\/bluesinspirit.fr\/wp-content\/uploads\/2026\/06\/rattlesnake-nb.jpg 459w\" sizes=\"(max-width: 300px) 100vw, 300px\" \/><\/figure>\n\n\n\n<p class=\"wp-block-paragraph\"><br><strong><em>Mardi 11 ao\u00fbt, 18H30, Concert gratuit<\/em><\/strong><br><strong><em>RATTLESNAKE JOE<\/em><\/strong><br><strong><em>La Cave de Montreuil, Montreuil\/mer<\/em><\/strong><br><em>Musique Old-Time, Blues, Cajun ou Bluegrass, pour un programme aussi intimiste que dynamique, charg\u00e9 d\u2019histoire.<\/em><\/p>\n<\/div>\n\n\n\n<div style=\"height:100px\" aria-hidden=\"true\" class=\"wp-block-spacer\"><\/div>\n\n\n\n<div class=\"wp-block-group has-white-background-color has-background is-nowrap is-layout-flex wp-container-core-group-is-layout-8f761849 wp-block-group-is-layout-flex\">\n<figure class=\"wp-block-image size-medium\"><img loading=\"lazy\" decoding=\"async\" width=\"300\" height=\"300\" src=\"http:\/\/bluesinspirit.fr\/wp-content\/uploads\/2026\/06\/Lo-Bianco-nb-300x300.jpg\" alt=\"\" class=\"wp-image-1399\" srcset=\"http:\/\/bluesinspirit.fr\/wp-content\/uploads\/2026\/06\/Lo-Bianco-nb-300x300.jpg 300w, http:\/\/bluesinspirit.fr\/wp-content\/uploads\/2026\/06\/Lo-Bianco-nb-1024x1024.jpg 1024w, http:\/\/bluesinspirit.fr\/wp-content\/uploads\/2026\/06\/Lo-Bianco-nb-150x150.jpg 150w, http:\/\/bluesinspirit.fr\/wp-content\/uploads\/2026\/06\/Lo-Bianco-nb-768x769.jpg 768w, http:\/\/bluesinspirit.fr\/wp-content\/uploads\/2026\/06\/Lo-Bianco-nb-720x721.jpg 720w, http:\/\/bluesinspirit.fr\/wp-content\/uploads\/2026\/06\/Lo-Bianco-nb-360x360.jpg 360w, http:\/\/bluesinspirit.fr\/wp-content\/uploads\/2026\/06\/Lo-Bianco-nb.jpg 1125w\" sizes=\"(max-width: 300px) 100vw, 300px\" \/><\/figure>\n\n\n\n<p class=\"wp-block-paragraph\"><br><strong><em>Jeudi 13 ao\u00fbt, 21H, Concert gratuit<\/em><\/strong><br><strong><em>LO BIANCO<\/em><\/strong><br><strong><em>Place du March\u00e9 aux poissons, Hesdin La For\u00eat<\/em><\/strong><br><em>Musiques afro-am\u00e9ricaines au groove implacable, Lo Bianco allie la force brute du rock \u00e0 la chaleur sensuelle de la soul. \u00c7a va tout d\u00e9chirer&nbsp;!!<\/em><\/p>\n<\/div>\n\n\n\n<div style=\"height:100px\" aria-hidden=\"true\" class=\"wp-block-spacer\"><\/div>\n\n\n\n<div class=\"wp-block-group has-white-background-color has-background is-nowrap is-layout-flex wp-container-core-group-is-layout-8f761849 wp-block-group-is-layout-flex\">\n<figure class=\"wp-block-image size-medium\"><img loading=\"lazy\" decoding=\"async\" width=\"300\" height=\"300\" src=\"http:\/\/bluesinspirit.fr\/wp-content\/uploads\/2026\/06\/rattlesnake-nb-300x300.jpg\" alt=\"\" class=\"wp-image-1398\" style=\"aspect-ratio:1;object-fit:cover\" srcset=\"http:\/\/bluesinspirit.fr\/wp-content\/uploads\/2026\/06\/rattlesnake-nb-300x300.jpg 300w, http:\/\/bluesinspirit.fr\/wp-content\/uploads\/2026\/06\/rattlesnake-nb-150x150.jpg 150w, http:\/\/bluesinspirit.fr\/wp-content\/uploads\/2026\/06\/rattlesnake-nb-360x360.jpg 360w, http:\/\/bluesinspirit.fr\/wp-content\/uploads\/2026\/06\/rattlesnake-nb.jpg 459w\" sizes=\"(max-width: 300px) 100vw, 300px\" \/><\/figure>\n\n\n\n<p class=\"wp-block-paragraph\"><br><strong><em>Vendredi 14 ao\u00fbt, 18H, Gratuit<\/em><\/strong><br><strong><em>RATTLESNAKE JOE<\/em><\/strong><br><em>Chez Paulette, Stella-Plage<\/em>,<\/p>\n<\/div>\n\n\n\n<div style=\"height:100px\" aria-hidden=\"true\" class=\"wp-block-spacer\"><\/div>\n\n\n\n<div class=\"wp-block-group has-white-background-color has-background is-nowrap is-layout-flex wp-container-core-group-is-layout-8f761849 wp-block-group-is-layout-flex\">\n<figure class=\"wp-block-image size-full\"><img loading=\"lazy\" decoding=\"async\" width=\"729\" height=\"827\" src=\"http:\/\/bluesinspirit.fr\/wp-content\/uploads\/2026\/06\/Manu-Slide.jpg\" alt=\"\" class=\"wp-image-1391\" srcset=\"http:\/\/bluesinspirit.fr\/wp-content\/uploads\/2026\/06\/Manu-Slide.jpg 729w, http:\/\/bluesinspirit.fr\/wp-content\/uploads\/2026\/06\/Manu-Slide-264x300.jpg 264w, http:\/\/bluesinspirit.fr\/wp-content\/uploads\/2026\/06\/Manu-Slide-720x817.jpg 720w\" sizes=\"(max-width: 729px) 100vw, 729px\" \/><\/figure>\n\n\n\n<p class=\"wp-block-paragraph\"><br><strong><em>Mardi 18 ao\u00fbt, 20H, Concert gratuit<\/em><\/strong><br><strong><em>MANU SLIDE &amp; L\u2019ONYX<\/em><\/strong><br><strong><em>La Palette, Longvilliers<\/em><\/strong><br><em>Rencontre cross road, pacte d\u2019un blues acoustique avec pour seul moyen une guitare slide et un harmonica. Tant\u00f4t plaintif ou joyeux ces deux comparses vous content les \u00e9motions des ann\u00e9es 30\u2019 avec quelques \u00e9chapp\u00e9es Hobos bien surprenantes. &nbsp;<\/em><\/p>\n<\/div>\n\n\n\n<div style=\"height:100px\" aria-hidden=\"true\" class=\"wp-block-spacer\"><\/div>\n\n\n\n<p class=\"has-text-align-center has-black-background-color has-text-color has-background has-link-color has-x-large-font-size wp-elements-2 wp-block-paragraph\" style=\"color:#fcfa00\"><strong>LA CARTE DU OFF<\/strong><\/p>\n\n\n\n<figure class=\"wp-block-embed is-type-wp-embed is-provider-genially wp-block-embed-genially\"><div class=\"wp-block-embed__wrapper\">\n<iframe hcb-fetch-image-from=\"https:\/\/view.genially.com\/6a36389b3140844e999488ac\" class=\"wp-embedded-content\" sandbox=\"allow-scripts\" security=\"restricted\" title=\"Info\" frameborder=\"0\" width=\"1103\" height=\"825\" src=\"https:\/\/view.genially.com\/6a36389b3140844e999488ac#?secret=3u89aa0uVe\" data-secret=\"3u89aa0uVe\" scrolling=\"yes\"><\/iframe>\n<\/div><\/figure>\n\n\n\n<p class=\"wp-block-paragraph\"><\/p>\n","protected":false},"excerpt":{"rendered":"<p>Du 27 juin au 18 ao\u00fbt, participez aux \u00e9v\u00e9nements OFF du festival 2026 Samedi 27 juin, 19H30, Prix libreKING PEPPER [&hellip;]<\/p>\n","protected":false},"author":1,"featured_media":0,"parent":0,"menu_order":0,"comment_status":"closed","ping_status":"closed","template":"","meta":{"footnotes":""},"class_list":["post-1383","page","type-page","status-publish","hentry"],"_links":{"self":[{"href":"http:\/\/bluesinspirit.fr\/index.php?rest_route=\/wp\/v2\/pages\/1383","targetHints":{"allow":["GET"]}}],"collection":[{"href":"http:\/\/bluesinspirit.fr\/index.php?rest_route=\/wp\/v2\/pages"}],"about":[{"href":"http:\/\/bluesinspirit.fr\/index.php?rest_route=\/wp\/v2\/types\/page"}],"author":[{"embeddable":true,"href":"http:\/\/bluesinspirit.fr\/index.php?rest_route=\/wp\/v2\/users\/1"}],"replies":[{"embeddable":true,"href":"http:\/\/bluesinspirit.fr\/index.php?rest_route=%2Fwp%2Fv2%2Fcomments&post=1383"}],"version-history":[{"count":21,"href":"http:\/\/bluesinspirit.fr\/index.php?rest_route=\/wp\/v2\/pages\/1383\/revisions"}],"predecessor-version":[{"id":1458,"href":"http:\/\/bluesinspirit.fr\/index.php?rest_route=\/wp\/v2\/pages\/1383\/revisions\/1458"}],"wp:attachment":[{"href":"http:\/\/bluesinspirit.fr\/index.php?rest_route=%2Fwp%2Fv2%2Fmedia&parent=1383"}],"curies":[{"name":"wp","href":"https:\/\/api.w.org\/{rel}","templated":true}]}}